{"id":125,"date":"2016-06-14T12:11:30","date_gmt":"2016-06-14T12:11:30","guid":{"rendered":"http:\/\/www.muensterschule-hof.de\/wordpress\/?page_id=125"},"modified":"2023-11-28T11:26:25","modified_gmt":"2023-11-28T11:26:25","slug":"foerderverein","status":"publish","type":"page","link":"https:\/\/www.muensterschule-hof.de\/wordpress\/eltern\/foerderverein\/","title":{"rendered":"F\u00f6rderverein"},"content":{"rendered":"\n<p><strong>F\u00f6rderverein der M\u00fcnster-Mittelschule Hof e.V.<\/strong><strong>&nbsp;<\/strong><\/p>\n\n\n\n<p>Email: foerdervereinmuensterschulehof@web.de<\/p>\n\n\n\n<p>1. Vorsitzende: Katrin Schleicher<\/p>\n\n\n\n<p>2. Vorsitzende: Petra Ziegler<\/p>\n\n\n\n<p>Schatzmeister: Herr Feulner<\/p>\n\n\n\n<p>Schriftf\u00fchrerin: Frau P\u00fcrner<\/p>\n\n\n\n<p>Kassenpr\u00fcfung: Frau Ki\u00dfwetter und Herr Schindlbeck<\/p>\n\n\n\n<p>Vertretung der Schule: Iris Fischer<\/p>\n\n\n\n<p>Der F\u00f6rderverein organisiert und begleitet die diversen Schulfeste und hilft mit verschiedenen Arbeitseins\u00e4tzen zum Gelingen der einzelnen Projekte beizutragen. Dabei finanziert er konkrete Projekte, leistet Zusch\u00fcsse f\u00fcr Klassenfahrten und tr\u00e4gt Sorge zur Verbesserung der Ausstattung der Schule. Wir m\u00f6chten Sie zur aktiven Mitgestaltung und Verbesserung unserer Schule motivieren. F\u00fcr nur einen Euro pro Monat k\u00f6nnen Sie so unsere Kinder unterst\u00fctzen.<\/p>\n\n\n\n<h3 class=\"wp-block-heading\"><img loading=\"lazy\" decoding=\"async\" class=\"alignnone size-medium wp-image-276\" src=\"https:\/\/www.muensterschule-hof.de\/wordpress\/wp-content\/uploads\/2016\/06\/IMG_20171024_184845820-300x300.jpg\" alt=\"\" width=\"300\" height=\"300\" srcset=\"https:\/\/www.muensterschule-hof.de\/wordpress\/wp-content\/uploads\/2016\/06\/IMG_20171024_184845820-300x300.jpg 300w, https:\/\/www.muensterschule-hof.de\/wordpress\/wp-content\/uploads\/2016\/06\/IMG_20171024_184845820-150x150.jpg 150w, https:\/\/www.muensterschule-hof.de\/wordpress\/wp-content\/uploads\/2016\/06\/IMG_20171024_184845820-1024x1024.jpg 1024w, https:\/\/www.muensterschule-hof.de\/wordpress\/wp-content\/uploads\/2016\/06\/IMG_20171024_184845820-655x655.jpg 655w\" sizes=\"auto, (max-width: 300px) 100vw, 300px\" \/><\/h3>\n\n\n\n<p>1. Vorsitzende: Katrin Schleicher<\/p>\n\n\n\n<h3 class=\"wp-block-heading\">Werden Sie Mitglied!<\/h3>\n\n\n\n<p class=\"has-text-align-center\"><span style=\"color: #ff0000;\"><a style=\"color: #ff0000;\" href=\"https:\/\/www.muensterschule-hof.de\/wordpress\/wp-content\/uploads\/2019\/10\/foerderverein-beitritt.pdf\">Beitrittserkl\u00e4rung F\u00f6rderverein zum Download<\/a><\/span><\/p>\n\n\n\n<p><span style=\"color: #ff0000;\"><a style=\"color: #ff0000;\" href=\"https:\/\/www.muensterschule-hof.de\/wordpress\/?page_id=68\">zur\u00fcck<\/a><\/span><\/p>\n","protected":false},"excerpt":{"rendered":"<p>F\u00f6rderverein der M\u00fcnster-Mittelschule Hof e.V.&nbsp; Email: foerdervereinmuensterschulehof@web.de 1. Vorsitzende: Katrin Schleicher 2. Vorsitzende: Petra Ziegler Schatzmeister: Herr Feulner Schriftf\u00fchrerin: Frau P\u00fcrner Kassenpr\u00fcfung: Frau Ki\u00dfwetter und Herr Schindlbeck Vertretung der Schule: Iris Fischer Der F\u00f6rderverein organisiert und begleitet die diversen Schulfeste und hilft mit verschiedenen Arbeitseins\u00e4tzen zum Gelingen der einzelnen Projekte beizutragen. Dabei finanziert er konkrete&hellip;&nbsp;<a href=\"https:\/\/www.muensterschule-hof.de\/wordpress\/eltern\/foerderverein\/\" rel=\"bookmark\">Weiterlesen &raquo;<span class=\"screen-reader-text\">F\u00f6rderverein<\/span><\/a><\/p>\n","protected":false},"author":1,"featured_media":0,"parent":68,"menu_order":0,"comment_status":"closed","ping_status":"closed","template":"","meta":{"neve_meta_sidebar":"","neve_meta_container":"","neve_meta_enable_content_width":"","neve_meta_content_width":0,"neve_meta_title_alignment":"","neve_meta_author_avatar":"","neve_post_elements_order":"","neve_meta_disable_header":"","neve_meta_disable_footer":"","neve_meta_disable_title":"","footnotes":""},"class_list":["post-125","page","type-page","status-publish","hentry"],"yoast_head":"<!-- This site is optimized with the Yoast SEO plugin v27.4 - https:\/\/yoast.com\/product\/yoast-seo-wordpress\/ -->\n<title>F\u00f6rderverein - M\u00fcnsterschule<\/title>\n<meta name=\"robots\" content=\"index, follow, max-snippet:-1, max-image-preview:large, max-video-preview:-1\" \/>\n<link rel=\"canonical\" href=\"https:\/\/www.muensterschule-hof.de\/wordpress\/eltern\/foerderverein\/\" \/>\n<meta property=\"og:locale\" content=\"de_DE\" \/>\n<meta property=\"og:type\" content=\"article\" \/>\n<meta property=\"og:title\" content=\"F\u00f6rderverein - M\u00fcnsterschule\" \/>\n<meta property=\"og:description\" content=\"F\u00f6rderverein der M\u00fcnster-Mittelschule Hof e.V.&nbsp; Email: foerdervereinmuensterschulehof@web.de 1. Vorsitzende: Katrin Schleicher 2. Vorsitzende: Petra Ziegler Schatzmeister: Herr Feulner Schriftf\u00fchrerin: Frau P\u00fcrner Kassenpr\u00fcfung: Frau Ki\u00dfwetter und Herr Schindlbeck Vertretung der Schule: Iris Fischer Der F\u00f6rderverein organisiert und begleitet die diversen Schulfeste und hilft mit verschiedenen Arbeitseins\u00e4tzen zum Gelingen der einzelnen Projekte beizutragen. Dabei finanziert er konkrete&hellip;&nbsp;Weiterlesen &raquo;F\u00f6rderverein\" \/>\n<meta property=\"og:url\" content=\"https:\/\/www.muensterschule-hof.de\/wordpress\/eltern\/foerderverein\/\" \/>\n<meta property=\"og:site_name\" content=\"M\u00fcnsterschule\" \/>\n<meta property=\"article:modified_time\" content=\"2023-11-28T11:26:25+00:00\" \/>\n<meta property=\"og:image\" content=\"https:\/\/www.muensterschule-hof.de\/wordpress\/wp-content\/uploads\/2016\/06\/IMG_20171024_184845820-300x300.jpg\" \/>\n<meta name=\"twitter:card\" content=\"summary_large_image\" \/>\n<meta name=\"twitter:label1\" content=\"Gesch\u00e4tzte Lesezeit\" \/>\n\t<meta name=\"twitter:data1\" content=\"1\u00a0Minute\" \/>\n<script type=\"application\/ld+json\" class=\"yoast-schema-graph\">{\"@context\":\"https:\\\/\\\/schema.org\",\"@graph\":[{\"@type\":\"WebPage\",\"@id\":\"https:\\\/\\\/www.muensterschule-hof.de\\\/wordpress\\\/eltern\\\/foerderverein\\\/\",\"url\":\"https:\\\/\\\/www.muensterschule-hof.de\\\/wordpress\\\/eltern\\\/foerderverein\\\/\",\"name\":\"F\u00f6rderverein - M\u00fcnsterschule\",\"isPartOf\":{\"@id\":\"https:\\\/\\\/www.muensterschule-hof.de\\\/wordpress\\\/#website\"},\"primaryImageOfPage\":{\"@id\":\"https:\\\/\\\/www.muensterschule-hof.de\\\/wordpress\\\/eltern\\\/foerderverein\\\/#primaryimage\"},\"image\":{\"@id\":\"https:\\\/\\\/www.muensterschule-hof.de\\\/wordpress\\\/eltern\\\/foerderverein\\\/#primaryimage\"},\"thumbnailUrl\":\"https:\\\/\\\/www.muensterschule-hof.de\\\/wordpress\\\/wp-content\\\/uploads\\\/2016\\\/06\\\/IMG_20171024_184845820-300x300.jpg\",\"datePublished\":\"2016-06-14T12:11:30+00:00\",\"dateModified\":\"2023-11-28T11:26:25+00:00\",\"breadcrumb\":{\"@id\":\"https:\\\/\\\/www.muensterschule-hof.de\\\/wordpress\\\/eltern\\\/foerderverein\\\/#breadcrumb\"},\"inLanguage\":\"de\",\"potentialAction\":[{\"@type\":\"ReadAction\",\"target\":[\"https:\\\/\\\/www.muensterschule-hof.de\\\/wordpress\\\/eltern\\\/foerderverein\\\/\"]}]},{\"@type\":\"ImageObject\",\"inLanguage\":\"de\",\"@id\":\"https:\\\/\\\/www.muensterschule-hof.de\\\/wordpress\\\/eltern\\\/foerderverein\\\/#primaryimage\",\"url\":\"https:\\\/\\\/www.muensterschule-hof.de\\\/wordpress\\\/wp-content\\\/uploads\\\/2016\\\/06\\\/IMG_20171024_184845820.jpg\",\"contentUrl\":\"https:\\\/\\\/www.muensterschule-hof.de\\\/wordpress\\\/wp-content\\\/uploads\\\/2016\\\/06\\\/IMG_20171024_184845820.jpg\",\"width\":2157,\"height\":2157},{\"@type\":\"BreadcrumbList\",\"@id\":\"https:\\\/\\\/www.muensterschule-hof.de\\\/wordpress\\\/eltern\\\/foerderverein\\\/#breadcrumb\",\"itemListElement\":[{\"@type\":\"ListItem\",\"position\":1,\"name\":\"Startseite\",\"item\":\"https:\\\/\\\/www.muensterschule-hof.de\\\/wordpress\\\/\"},{\"@type\":\"ListItem\",\"position\":2,\"name\":\"Eltern\",\"item\":\"https:\\\/\\\/www.muensterschule-hof.de\\\/wordpress\\\/eltern\\\/\"},{\"@type\":\"ListItem\",\"position\":3,\"name\":\"F\u00f6rderverein\"}]},{\"@type\":\"WebSite\",\"@id\":\"https:\\\/\\\/www.muensterschule-hof.de\\\/wordpress\\\/#website\",\"url\":\"https:\\\/\\\/www.muensterschule-hof.de\\\/wordpress\\\/\",\"name\":\"M\u00fcnsterschule\",\"description\":\"Deine Mittelschule in Hof\",\"publisher\":{\"@id\":\"https:\\\/\\\/www.muensterschule-hof.de\\\/wordpress\\\/#organization\"},\"alternateName\":\"MMS Hof\",\"potentialAction\":[{\"@type\":\"SearchAction\",\"target\":{\"@type\":\"EntryPoint\",\"urlTemplate\":\"https:\\\/\\\/www.muensterschule-hof.de\\\/wordpress\\\/?s={search_term_string}\"},\"query-input\":{\"@type\":\"PropertyValueSpecification\",\"valueRequired\":true,\"valueName\":\"search_term_string\"}}],\"inLanguage\":\"de\"},{\"@type\":\"Organization\",\"@id\":\"https:\\\/\\\/www.muensterschule-hof.de\\\/wordpress\\\/#organization\",\"name\":\"M\u00fcnster-Mittelschule Hof\",\"alternateName\":\"MMS Hof\",\"url\":\"https:\\\/\\\/www.muensterschule-hof.de\\\/wordpress\\\/\",\"logo\":{\"@type\":\"ImageObject\",\"inLanguage\":\"de\",\"@id\":\"https:\\\/\\\/www.muensterschule-hof.de\\\/wordpress\\\/#\\\/schema\\\/logo\\\/image\\\/\",\"url\":\"https:\\\/\\\/www.muensterschule-hof.de\\\/wordpress\\\/wp-content\\\/uploads\\\/2018\\\/05\\\/cropped-MMS-Hof-final-1.png\",\"contentUrl\":\"https:\\\/\\\/www.muensterschule-hof.de\\\/wordpress\\\/wp-content\\\/uploads\\\/2018\\\/05\\\/cropped-MMS-Hof-final-1.png\",\"width\":512,\"height\":512,\"caption\":\"M\u00fcnster-Mittelschule Hof\"},\"image\":{\"@id\":\"https:\\\/\\\/www.muensterschule-hof.de\\\/wordpress\\\/#\\\/schema\\\/logo\\\/image\\\/\"}}]}<\/script>\n<!-- \/ Yoast SEO plugin. -->","yoast_head_json":{"title":"F\u00f6rderverein - M\u00fcnsterschule","robots":{"index":"index","follow":"follow","max-snippet":"max-snippet:-1","max-image-preview":"max-image-preview:large","max-video-preview":"max-video-preview:-1"},"canonical":"https:\/\/www.muensterschule-hof.de\/wordpress\/eltern\/foerderverein\/","og_locale":"de_DE","og_type":"article","og_title":"F\u00f6rderverein - M\u00fcnsterschule","og_description":"F\u00f6rderverein der M\u00fcnster-Mittelschule Hof e.V.&nbsp; Email: foerdervereinmuensterschulehof@web.de 1. Vorsitzende: Katrin Schleicher 2. Vorsitzende: Petra Ziegler Schatzmeister: Herr Feulner Schriftf\u00fchrerin: Frau P\u00fcrner Kassenpr\u00fcfung: Frau Ki\u00dfwetter und Herr Schindlbeck Vertretung der Schule: Iris Fischer Der F\u00f6rderverein organisiert und begleitet die diversen Schulfeste und hilft mit verschiedenen Arbeitseins\u00e4tzen zum Gelingen der einzelnen Projekte beizutragen. Dabei finanziert er konkrete&hellip;&nbsp;Weiterlesen &raquo;F\u00f6rderverein","og_url":"https:\/\/www.muensterschule-hof.de\/wordpress\/eltern\/foerderverein\/","og_site_name":"M\u00fcnsterschule","article_modified_time":"2023-11-28T11:26:25+00:00","og_image":[{"url":"https:\/\/www.muensterschule-hof.de\/wordpress\/wp-content\/uploads\/2016\/06\/IMG_20171024_184845820-300x300.jpg","type":"","width":"","height":""}],"twitter_card":"summary_large_image","twitter_misc":{"Gesch\u00e4tzte Lesezeit":"1\u00a0Minute"},"schema":{"@context":"https:\/\/schema.org","@graph":[{"@type":"WebPage","@id":"https:\/\/www.muensterschule-hof.de\/wordpress\/eltern\/foerderverein\/","url":"https:\/\/www.muensterschule-hof.de\/wordpress\/eltern\/foerderverein\/","name":"F\u00f6rderverein - M\u00fcnsterschule","isPartOf":{"@id":"https:\/\/www.muensterschule-hof.de\/wordpress\/#website"},"primaryImageOfPage":{"@id":"https:\/\/www.muensterschule-hof.de\/wordpress\/eltern\/foerderverein\/#primaryimage"},"image":{"@id":"https:\/\/www.muensterschule-hof.de\/wordpress\/eltern\/foerderverein\/#primaryimage"},"thumbnailUrl":"https:\/\/www.muensterschule-hof.de\/wordpress\/wp-content\/uploads\/2016\/06\/IMG_20171024_184845820-300x300.jpg","datePublished":"2016-06-14T12:11:30+00:00","dateModified":"2023-11-28T11:26:25+00:00","breadcrumb":{"@id":"https:\/\/www.muensterschule-hof.de\/wordpress\/eltern\/foerderverein\/#breadcrumb"},"inLanguage":"de","potentialAction":[{"@type":"ReadAction","target":["https:\/\/www.muensterschule-hof.de\/wordpress\/eltern\/foerderverein\/"]}]},{"@type":"ImageObject","inLanguage":"de","@id":"https:\/\/www.muensterschule-hof.de\/wordpress\/eltern\/foerderverein\/#primaryimage","url":"https:\/\/www.muensterschule-hof.de\/wordpress\/wp-content\/uploads\/2016\/06\/IMG_20171024_184845820.jpg","contentUrl":"https:\/\/www.muensterschule-hof.de\/wordpress\/wp-content\/uploads\/2016\/06\/IMG_20171024_184845820.jpg","width":2157,"height":2157},{"@type":"BreadcrumbList","@id":"https:\/\/www.muensterschule-hof.de\/wordpress\/eltern\/foerderverein\/#breadcrumb","itemListElement":[{"@type":"ListItem","position":1,"name":"Startseite","item":"https:\/\/www.muensterschule-hof.de\/wordpress\/"},{"@type":"ListItem","position":2,"name":"Eltern","item":"https:\/\/www.muensterschule-hof.de\/wordpress\/eltern\/"},{"@type":"ListItem","position":3,"name":"F\u00f6rderverein"}]},{"@type":"WebSite","@id":"https:\/\/www.muensterschule-hof.de\/wordpress\/#website","url":"https:\/\/www.muensterschule-hof.de\/wordpress\/","name":"M\u00fcnsterschule","description":"Deine Mittelschule in Hof","publisher":{"@id":"https:\/\/www.muensterschule-hof.de\/wordpress\/#organization"},"alternateName":"MMS Hof","potentialAction":[{"@type":"SearchAction","target":{"@type":"EntryPoint","urlTemplate":"https:\/\/www.muensterschule-hof.de\/wordpress\/?s={search_term_string}"},"query-input":{"@type":"PropertyValueSpecification","valueRequired":true,"valueName":"search_term_string"}}],"inLanguage":"de"},{"@type":"Organization","@id":"https:\/\/www.muensterschule-hof.de\/wordpress\/#organization","name":"M\u00fcnster-Mittelschule Hof","alternateName":"MMS Hof","url":"https:\/\/www.muensterschule-hof.de\/wordpress\/","logo":{"@type":"ImageObject","inLanguage":"de","@id":"https:\/\/www.muensterschule-hof.de\/wordpress\/#\/schema\/logo\/image\/","url":"https:\/\/www.muensterschule-hof.de\/wordpress\/wp-content\/uploads\/2018\/05\/cropped-MMS-Hof-final-1.png","contentUrl":"https:\/\/www.muensterschule-hof.de\/wordpress\/wp-content\/uploads\/2018\/05\/cropped-MMS-Hof-final-1.png","width":512,"height":512,"caption":"M\u00fcnster-Mittelschule Hof"},"image":{"@id":"https:\/\/www.muensterschule-hof.de\/wordpress\/#\/schema\/logo\/image\/"}}]}},"_links":{"self":[{"href":"https:\/\/www.muensterschule-hof.de\/wordpress\/wp-json\/wp\/v2\/pages\/125","targetHints":{"allow":["GET"]}}],"collection":[{"href":"https:\/\/www.muensterschule-hof.de\/wordpress\/wp-json\/wp\/v2\/pages"}],"about":[{"href":"https:\/\/www.muensterschule-hof.de\/wordpress\/wp-json\/wp\/v2\/types\/page"}],"author":[{"embeddable":true,"href":"https:\/\/www.muensterschule-hof.de\/wordpress\/wp-json\/wp\/v2\/users\/1"}],"replies":[{"embeddable":true,"href":"https:\/\/www.muensterschule-hof.de\/wordpress\/wp-json\/wp\/v2\/comments?post=125"}],"version-history":[{"count":14,"href":"https:\/\/www.muensterschule-hof.de\/wordpress\/wp-json\/wp\/v2\/pages\/125\/revisions"}],"predecessor-version":[{"id":2827,"href":"https:\/\/www.muensterschule-hof.de\/wordpress\/wp-json\/wp\/v2\/pages\/125\/revisions\/2827"}],"up":[{"embeddable":true,"href":"https:\/\/www.muensterschule-hof.de\/wordpress\/wp-json\/wp\/v2\/pages\/68"}],"wp:attachment":[{"href":"https:\/\/www.muensterschule-hof.de\/wordpress\/wp-json\/wp\/v2\/media?parent=125"}],"curies":[{"name":"wp","href":"https:\/\/api.w.org\/{rel}","templated":true}]}}