{"id":1381,"date":"2020-05-25T09:30:42","date_gmt":"2020-05-25T09:30:42","guid":{"rendered":"http:\/\/www.muensterschule-hof.de\/wordpress\/?page_id=1381"},"modified":"2024-09-23T20:10:37","modified_gmt":"2024-09-23T20:10:37","slug":"offene-ganztagesbetreuung-2","status":"publish","type":"page","link":"https:\/\/www.muensterschule-hof.de\/wordpress\/schule\/offene-ganztagesbetreuung-2\/","title":{"rendered":"Offene Ganztagesbetreuung"},"content":{"rendered":"<p><strong>Sch\u00fclerbetreuung M\u00fcnster-Mittelschule &amp; Jugendzentrum \u201eQ\u201c<\/strong><\/p>\n<p>Tr\u00e4ger: Stadtjugendring Hof<\/p>\n<p>Kooperationspartner der M\u00fcnster-Mittelschule<\/p>\n<p>Die Sch\u00fclerbetreuung ist f\u00fcr Kinder und Jugendliche von der 5. \u2013 10. Jahrgangsstufe<\/p>\n<p><strong>Die Sch\u00fclerbetreuung bietet:<\/strong><\/p>\n<ul>\n<li>ein warmes und gesundes Mittagessen<\/li>\n<li>intensive Hausaufgabenbetreuung in Kleingruppen<\/li>\n<li>Pr\u00fcfungsvorbereitung<\/li>\n<li>Freizeitangebote<\/li>\n<\/ul>\n<p><strong>Kosten<\/strong><\/p>\n<p>Derzeit monatlich 100 Euro<\/p>\n<p>Der Teilnehmerbeitrag beinhaltet:<\/p>\n<ul>\n<li>ein t\u00e4gliches Mittagessen<\/li>\n<li>Hausaufgabenbetreuung<\/li>\n<li>Freizeitangebote<\/li>\n<\/ul>\n<p>Bei bestimmten Voraussetzungen ist eine Kostenbefreiung m\u00f6glich<\/p>\n<p><strong>\u00d6ffnungszeiten<\/strong><\/p>\n<p>Montag bis Freitag von 11:00 Uhr \u2013 16:30 Uhr (au\u00dfer in den Schulferien)<\/p>\n<p><strong>Mitarbeiter der Sch\u00fclerbetreuung an der M\u00fcnster-Mittelschule<\/strong><\/p>\n<ul>\n<li>Max-Emanuel Voigt<\/li>\n<li>Feeda Ageel<\/li>\n<li>Unterst\u00fctzung durch Honorarkr\u00e4fte<\/li>\n<\/ul>\n<p>09281-1440859, 0173-2346637<\/p>\n<p><strong>Mitarbeiter der Sch\u00fclerbetreuung im Jugendzentrum \u201eQ\u201c<\/strong><\/p>\n<ul>\n<li>Nico Herold<\/li>\n<li>Seline L\u00f6we<\/li>\n<li>Unterst\u00fctzung durch Honorarkr\u00e4fte<\/li>\n<\/ul>\n<p>0172 5884791<\/p>\n<p><strong>Unser Flyer:<\/strong><\/p>\n<p><span style=\"color: #ff9900;\"><strong><a style=\"color: #ff9900;\" href=\"https:\/\/www.muensterschule-hof.de\/wordpress\/wp-content\/uploads\/2021\/02\/Schuelerbetreuung-der-Muenster-Mittelschule-flyer-2.pdf\">Sch\u00fclerbetreuung der M\u00fcnster-Mittelschule Flyer<\/a><\/strong><\/span><\/p>\n<p><span style=\"color: #ff0000;\"><a style=\"color: #ff0000;\" href=\"https:\/\/www.muensterschule-hof.de\/wordpress\/?page_id=64\">zur\u00fcck<\/a><\/span><\/p>\n","protected":false},"excerpt":{"rendered":"<p>Sch\u00fclerbetreuung M\u00fcnster-Mittelschule &amp; Jugendzentrum \u201eQ\u201c Tr\u00e4ger: Stadtjugendring Hof Kooperationspartner der M\u00fcnster-Mittelschule Die Sch\u00fclerbetreuung ist f\u00fcr Kinder und Jugendliche von der 5. \u2013 10. Jahrgangsstufe Die Sch\u00fclerbetreuung bietet: ein warmes und gesundes Mittagessen intensive Hausaufgabenbetreuung in Kleingruppen Pr\u00fcfungsvorbereitung Freizeitangebote Kosten Derzeit monatlich 100 Euro Der Teilnehmerbeitrag beinhaltet: ein t\u00e4gliches Mittagessen Hausaufgabenbetreuung Freizeitangebote Bei bestimmten Voraussetzungen ist&hellip;&nbsp;<a href=\"https:\/\/www.muensterschule-hof.de\/wordpress\/schule\/offene-ganztagesbetreuung-2\/\" rel=\"bookmark\">Weiterlesen &raquo;<span class=\"screen-reader-text\">Offene Ganztagesbetreuung<\/span><\/a><\/p>\n","protected":false},"author":1,"featured_media":0,"parent":64,"menu_order":0,"comment_status":"closed","ping_status":"closed","template":"","meta":{"neve_meta_sidebar":"","neve_meta_container":"","neve_meta_enable_content_width":"","neve_meta_content_width":0,"neve_meta_title_alignment":"","neve_meta_author_avatar":"","neve_post_elements_order":"","neve_meta_disable_header":"","neve_meta_disable_footer":"","neve_meta_disable_title":"","footnotes":""},"class_list":["post-1381","page","type-page","status-publish","hentry"],"yoast_head":"<!-- This site is optimized with the Yoast SEO plugin v27.5 - https:\/\/yoast.com\/product\/yoast-seo-wordpress\/ -->\n<title>Offene Ganztagesbetreuung - M\u00fcnsterschule<\/title>\n<meta name=\"robots\" content=\"index, follow, max-snippet:-1, max-image-preview:large, max-video-preview:-1\" \/>\n<link rel=\"canonical\" href=\"https:\/\/www.muensterschule-hof.de\/wordpress\/schule\/offene-ganztagesbetreuung-2\/\" \/>\n<meta property=\"og:locale\" content=\"de_DE\" \/>\n<meta property=\"og:type\" content=\"article\" \/>\n<meta property=\"og:title\" content=\"Offene Ganztagesbetreuung - M\u00fcnsterschule\" \/>\n<meta property=\"og:description\" content=\"Sch\u00fclerbetreuung M\u00fcnster-Mittelschule &amp; Jugendzentrum \u201eQ\u201c Tr\u00e4ger: Stadtjugendring Hof Kooperationspartner der M\u00fcnster-Mittelschule Die Sch\u00fclerbetreuung ist f\u00fcr Kinder und Jugendliche von der 5. \u2013 10. Jahrgangsstufe Die Sch\u00fclerbetreuung bietet: ein warmes und gesundes Mittagessen intensive Hausaufgabenbetreuung in Kleingruppen Pr\u00fcfungsvorbereitung Freizeitangebote Kosten Derzeit monatlich 100 Euro Der Teilnehmerbeitrag beinhaltet: ein t\u00e4gliches Mittagessen Hausaufgabenbetreuung Freizeitangebote Bei bestimmten Voraussetzungen ist&hellip;&nbsp;Weiterlesen &raquo;Offene Ganztagesbetreuung\" \/>\n<meta property=\"og:url\" content=\"https:\/\/www.muensterschule-hof.de\/wordpress\/schule\/offene-ganztagesbetreuung-2\/\" \/>\n<meta property=\"og:site_name\" content=\"M\u00fcnsterschule\" \/>\n<meta property=\"article:modified_time\" content=\"2024-09-23T20:10:37+00:00\" \/>\n<meta property=\"og:image\" content=\"https:\/\/www.muensterschule-hof.de\/wordpress\/wp-content\/uploads\/2018\/05\/cropped-MMS-Hof-final.png\" \/>\n\t<meta property=\"og:image:width\" content=\"200\" \/>\n\t<meta property=\"og:image:height\" content=\"141\" \/>\n\t<meta property=\"og:image:type\" content=\"image\/png\" \/>\n<meta name=\"twitter:card\" content=\"summary_large_image\" \/>\n<meta name=\"twitter:label1\" content=\"Gesch\u00e4tzte Lesezeit\" \/>\n\t<meta name=\"twitter:data1\" content=\"1\u00a0Minute\" \/>\n<script type=\"application\/ld+json\" class=\"yoast-schema-graph\">{\"@context\":\"https:\\\/\\\/schema.org\",\"@graph\":[{\"@type\":\"WebPage\",\"@id\":\"https:\\\/\\\/www.muensterschule-hof.de\\\/wordpress\\\/schule\\\/offene-ganztagesbetreuung-2\\\/\",\"url\":\"https:\\\/\\\/www.muensterschule-hof.de\\\/wordpress\\\/schule\\\/offene-ganztagesbetreuung-2\\\/\",\"name\":\"Offene Ganztagesbetreuung - M\u00fcnsterschule\",\"isPartOf\":{\"@id\":\"https:\\\/\\\/www.muensterschule-hof.de\\\/wordpress\\\/#website\"},\"datePublished\":\"2020-05-25T09:30:42+00:00\",\"dateModified\":\"2024-09-23T20:10:37+00:00\",\"breadcrumb\":{\"@id\":\"https:\\\/\\\/www.muensterschule-hof.de\\\/wordpress\\\/schule\\\/offene-ganztagesbetreuung-2\\\/#breadcrumb\"},\"inLanguage\":\"de\",\"potentialAction\":[{\"@type\":\"ReadAction\",\"target\":[\"https:\\\/\\\/www.muensterschule-hof.de\\\/wordpress\\\/schule\\\/offene-ganztagesbetreuung-2\\\/\"]}]},{\"@type\":\"BreadcrumbList\",\"@id\":\"https:\\\/\\\/www.muensterschule-hof.de\\\/wordpress\\\/schule\\\/offene-ganztagesbetreuung-2\\\/#breadcrumb\",\"itemListElement\":[{\"@type\":\"ListItem\",\"position\":1,\"name\":\"Startseite\",\"item\":\"https:\\\/\\\/www.muensterschule-hof.de\\\/wordpress\\\/\"},{\"@type\":\"ListItem\",\"position\":2,\"name\":\"Schulfamilie\",\"item\":\"https:\\\/\\\/www.muensterschule-hof.de\\\/wordpress\\\/schule\\\/\"},{\"@type\":\"ListItem\",\"position\":3,\"name\":\"Offene Ganztagesbetreuung\"}]},{\"@type\":\"WebSite\",\"@id\":\"https:\\\/\\\/www.muensterschule-hof.de\\\/wordpress\\\/#website\",\"url\":\"https:\\\/\\\/www.muensterschule-hof.de\\\/wordpress\\\/\",\"name\":\"M\u00fcnsterschule\",\"description\":\"Deine Mittelschule in Hof\",\"publisher\":{\"@id\":\"https:\\\/\\\/www.muensterschule-hof.de\\\/wordpress\\\/#organization\"},\"alternateName\":\"MMS Hof\",\"potentialAction\":[{\"@type\":\"SearchAction\",\"target\":{\"@type\":\"EntryPoint\",\"urlTemplate\":\"https:\\\/\\\/www.muensterschule-hof.de\\\/wordpress\\\/?s={search_term_string}\"},\"query-input\":{\"@type\":\"PropertyValueSpecification\",\"valueRequired\":true,\"valueName\":\"search_term_string\"}}],\"inLanguage\":\"de\"},{\"@type\":\"Organization\",\"@id\":\"https:\\\/\\\/www.muensterschule-hof.de\\\/wordpress\\\/#organization\",\"name\":\"M\u00fcnster-Mittelschule Hof\",\"alternateName\":\"MMS Hof\",\"url\":\"https:\\\/\\\/www.muensterschule-hof.de\\\/wordpress\\\/\",\"logo\":{\"@type\":\"ImageObject\",\"inLanguage\":\"de\",\"@id\":\"https:\\\/\\\/www.muensterschule-hof.de\\\/wordpress\\\/#\\\/schema\\\/logo\\\/image\\\/\",\"url\":\"https:\\\/\\\/www.muensterschule-hof.de\\\/wordpress\\\/wp-content\\\/uploads\\\/2018\\\/05\\\/cropped-MMS-Hof-final-1.png\",\"contentUrl\":\"https:\\\/\\\/www.muensterschule-hof.de\\\/wordpress\\\/wp-content\\\/uploads\\\/2018\\\/05\\\/cropped-MMS-Hof-final-1.png\",\"width\":512,\"height\":512,\"caption\":\"M\u00fcnster-Mittelschule Hof\"},\"image\":{\"@id\":\"https:\\\/\\\/www.muensterschule-hof.de\\\/wordpress\\\/#\\\/schema\\\/logo\\\/image\\\/\"}}]}<\/script>\n<!-- \/ Yoast SEO plugin. -->","yoast_head_json":{"title":"Offene Ganztagesbetreuung - M\u00fcnsterschule","robots":{"index":"index","follow":"follow","max-snippet":"max-snippet:-1","max-image-preview":"max-image-preview:large","max-video-preview":"max-video-preview:-1"},"canonical":"https:\/\/www.muensterschule-hof.de\/wordpress\/schule\/offene-ganztagesbetreuung-2\/","og_locale":"de_DE","og_type":"article","og_title":"Offene Ganztagesbetreuung - M\u00fcnsterschule","og_description":"Sch\u00fclerbetreuung M\u00fcnster-Mittelschule &amp; Jugendzentrum \u201eQ\u201c Tr\u00e4ger: Stadtjugendring Hof Kooperationspartner der M\u00fcnster-Mittelschule Die Sch\u00fclerbetreuung ist f\u00fcr Kinder und Jugendliche von der 5. \u2013 10. Jahrgangsstufe Die Sch\u00fclerbetreuung bietet: ein warmes und gesundes Mittagessen intensive Hausaufgabenbetreuung in Kleingruppen Pr\u00fcfungsvorbereitung Freizeitangebote Kosten Derzeit monatlich 100 Euro Der Teilnehmerbeitrag beinhaltet: ein t\u00e4gliches Mittagessen Hausaufgabenbetreuung Freizeitangebote Bei bestimmten Voraussetzungen ist&hellip;&nbsp;Weiterlesen &raquo;Offene Ganztagesbetreuung","og_url":"https:\/\/www.muensterschule-hof.de\/wordpress\/schule\/offene-ganztagesbetreuung-2\/","og_site_name":"M\u00fcnsterschule","article_modified_time":"2024-09-23T20:10:37+00:00","og_image":[{"width":200,"height":141,"url":"https:\/\/www.muensterschule-hof.de\/wordpress\/wp-content\/uploads\/2018\/05\/cropped-MMS-Hof-final.png","type":"image\/png"}],"twitter_card":"summary_large_image","twitter_misc":{"Gesch\u00e4tzte Lesezeit":"1\u00a0Minute"},"schema":{"@context":"https:\/\/schema.org","@graph":[{"@type":"WebPage","@id":"https:\/\/www.muensterschule-hof.de\/wordpress\/schule\/offene-ganztagesbetreuung-2\/","url":"https:\/\/www.muensterschule-hof.de\/wordpress\/schule\/offene-ganztagesbetreuung-2\/","name":"Offene Ganztagesbetreuung - M\u00fcnsterschule","isPartOf":{"@id":"https:\/\/www.muensterschule-hof.de\/wordpress\/#website"},"datePublished":"2020-05-25T09:30:42+00:00","dateModified":"2024-09-23T20:10:37+00:00","breadcrumb":{"@id":"https:\/\/www.muensterschule-hof.de\/wordpress\/schule\/offene-ganztagesbetreuung-2\/#breadcrumb"},"inLanguage":"de","potentialAction":[{"@type":"ReadAction","target":["https:\/\/www.muensterschule-hof.de\/wordpress\/schule\/offene-ganztagesbetreuung-2\/"]}]},{"@type":"BreadcrumbList","@id":"https:\/\/www.muensterschule-hof.de\/wordpress\/schule\/offene-ganztagesbetreuung-2\/#breadcrumb","itemListElement":[{"@type":"ListItem","position":1,"name":"Startseite","item":"https:\/\/www.muensterschule-hof.de\/wordpress\/"},{"@type":"ListItem","position":2,"name":"Schulfamilie","item":"https:\/\/www.muensterschule-hof.de\/wordpress\/schule\/"},{"@type":"ListItem","position":3,"name":"Offene Ganztagesbetreuung"}]},{"@type":"WebSite","@id":"https:\/\/www.muensterschule-hof.de\/wordpress\/#website","url":"https:\/\/www.muensterschule-hof.de\/wordpress\/","name":"M\u00fcnsterschule","description":"Deine Mittelschule in Hof","publisher":{"@id":"https:\/\/www.muensterschule-hof.de\/wordpress\/#organization"},"alternateName":"MMS Hof","potentialAction":[{"@type":"SearchAction","target":{"@type":"EntryPoint","urlTemplate":"https:\/\/www.muensterschule-hof.de\/wordpress\/?s={search_term_string}"},"query-input":{"@type":"PropertyValueSpecification","valueRequired":true,"valueName":"search_term_string"}}],"inLanguage":"de"},{"@type":"Organization","@id":"https:\/\/www.muensterschule-hof.de\/wordpress\/#organization","name":"M\u00fcnster-Mittelschule Hof","alternateName":"MMS Hof","url":"https:\/\/www.muensterschule-hof.de\/wordpress\/","logo":{"@type":"ImageObject","inLanguage":"de","@id":"https:\/\/www.muensterschule-hof.de\/wordpress\/#\/schema\/logo\/image\/","url":"https:\/\/www.muensterschule-hof.de\/wordpress\/wp-content\/uploads\/2018\/05\/cropped-MMS-Hof-final-1.png","contentUrl":"https:\/\/www.muensterschule-hof.de\/wordpress\/wp-content\/uploads\/2018\/05\/cropped-MMS-Hof-final-1.png","width":512,"height":512,"caption":"M\u00fcnster-Mittelschule Hof"},"image":{"@id":"https:\/\/www.muensterschule-hof.de\/wordpress\/#\/schema\/logo\/image\/"}}]}},"_links":{"self":[{"href":"https:\/\/www.muensterschule-hof.de\/wordpress\/wp-json\/wp\/v2\/pages\/1381","targetHints":{"allow":["GET"]}}],"collection":[{"href":"https:\/\/www.muensterschule-hof.de\/wordpress\/wp-json\/wp\/v2\/pages"}],"about":[{"href":"https:\/\/www.muensterschule-hof.de\/wordpress\/wp-json\/wp\/v2\/types\/page"}],"author":[{"embeddable":true,"href":"https:\/\/www.muensterschule-hof.de\/wordpress\/wp-json\/wp\/v2\/users\/1"}],"replies":[{"embeddable":true,"href":"https:\/\/www.muensterschule-hof.de\/wordpress\/wp-json\/wp\/v2\/comments?post=1381"}],"version-history":[{"count":10,"href":"https:\/\/www.muensterschule-hof.de\/wordpress\/wp-json\/wp\/v2\/pages\/1381\/revisions"}],"predecessor-version":[{"id":3363,"href":"https:\/\/www.muensterschule-hof.de\/wordpress\/wp-json\/wp\/v2\/pages\/1381\/revisions\/3363"}],"up":[{"embeddable":true,"href":"https:\/\/www.muensterschule-hof.de\/wordpress\/wp-json\/wp\/v2\/pages\/64"}],"wp:attachment":[{"href":"https:\/\/www.muensterschule-hof.de\/wordpress\/wp-json\/wp\/v2\/media?parent=1381"}],"curies":[{"name":"wp","href":"https:\/\/api.w.org\/{rel}","templated":true}]}}