{"id":354,"date":"2018-03-13T13:05:13","date_gmt":"2018-03-13T13:05:13","guid":{"rendered":"http:\/\/www.muensterschule-hof.de\/wordpress\/?page_id=354"},"modified":"2019-01-22T21:54:19","modified_gmt":"2019-01-22T21:54:19","slug":"streitschlichter","status":"publish","type":"page","link":"https:\/\/www.muensterschule-hof.de\/wordpress\/schueler\/streitschlichter\/","title":{"rendered":"Streitschlichter"},"content":{"rendered":"<p><img loading=\"lazy\" decoding=\"async\" class=\"alignnone wp-image-380\" src=\"https:\/\/www.muensterschule-hof.de\/wordpress\/wp-content\/uploads\/2018\/05\/streitschlichter1-300x231.png\" alt=\"\" width=\"111\" height=\"85\" srcset=\"https:\/\/www.muensterschule-hof.de\/wordpress\/wp-content\/uploads\/2018\/05\/streitschlichter1-300x231.png 300w, https:\/\/www.muensterschule-hof.de\/wordpress\/wp-content\/uploads\/2018\/05\/streitschlichter1-1024x788.png 1024w, https:\/\/www.muensterschule-hof.de\/wordpress\/wp-content\/uploads\/2018\/05\/streitschlichter1-655x504.png 655w, https:\/\/www.muensterschule-hof.de\/wordpress\/wp-content\/uploads\/2018\/05\/streitschlichter1.png 1535w\" sizes=\"auto, (max-width: 111px) 100vw, 111px\" \/><\/p>\n<p><strong>Streitschlichter &#8211; eine wichtige Arbeitsgemeinschaft mit langer Tradition<\/strong><strong>!<\/strong><\/p>\n<p>Die AG Streitschlichter wurde im Schuljahr 2004\/05 ins Leben gerufen. Sie dient als Vermittlungsinstrument bei Konflikten zwischen zwei Sch\u00fclern, ohne jegliche Ein-mischung \u201eweiterer Instanzen\u201c.<\/p>\n<p>Im Verlauf ihrer Ausbildung lernen angehende Streitschlichter hinter die Kulissen zu blicken (\u201eEisbergmodell\u201c), aktiv zuzuh\u00f6ren (Reflexion, Ich- Botschaften) und eine Auseinandersetzung im Rahmen des gelernten Schemas (\u201ePhasen der Konflikt-l\u00f6sung\u201c) positiv zu beenden.<\/p>\n<p><img loading=\"lazy\" decoding=\"async\" class=\"alignnone wp-image-379\" src=\"https:\/\/www.muensterschule-hof.de\/wordpress\/wp-content\/uploads\/2018\/05\/streitschlichter2-300x225.jpg\" alt=\"\" width=\"473\" height=\"355\" srcset=\"https:\/\/www.muensterschule-hof.de\/wordpress\/wp-content\/uploads\/2018\/05\/streitschlichter2-300x225.jpg 300w, https:\/\/www.muensterschule-hof.de\/wordpress\/wp-content\/uploads\/2018\/05\/streitschlichter2-1024x768.jpg 1024w, https:\/\/www.muensterschule-hof.de\/wordpress\/wp-content\/uploads\/2018\/05\/streitschlichter2-655x491.jpg 655w, https:\/\/www.muensterschule-hof.de\/wordpress\/wp-content\/uploads\/2018\/05\/streitschlichter2.jpg 1032w\" sizes=\"auto, (max-width: 473px) 100vw, 473px\" \/><\/p>\n<p>Die Ausbildung der Sch\u00fcler \u00fcbernehmen zwei Lehrkr\u00e4fte.<\/p>\n<p><strong>Vorgehensweise:<\/strong><\/p>\n<p>&#8211; Einst\u00fcndige Ausbildung der Sch\u00fcler<\/p>\n<p>&#8211; Zweit\u00e4giges STS- Seminar in der EJSA- Hof mit STS- Auszubildenden und<\/p>\n<p>Refresher f\u00fcr bereits erfahrene Streitschlichter<\/p>\n<p>&#8211; Schriftliche und praktische Pr\u00fcfung<\/p>\n<p>&#8211; Zeugnisbemerkung \u00fcber die ehrenamtliche T\u00e4tigkeit<\/p>\n<p>&#8211; Urkundenverleihung zum Abschluss des Schuljahrs bei der Ehrung der Schulbesten<\/p>\n<p><span style=\"color: #ff0000;\"><a style=\"color: #ff0000;\" href=\"https:\/\/www.muensterschule-hof.de\/wordpress\/?page_id=66\">zur\u00fcck<\/a><\/span><\/p>\n","protected":false},"excerpt":{"rendered":"<p>Streitschlichter &#8211; eine wichtige Arbeitsgemeinschaft mit langer Tradition! Die AG Streitschlichter wurde im Schuljahr 2004\/05 ins Leben gerufen. Sie dient als Vermittlungsinstrument bei Konflikten zwischen zwei Sch\u00fclern, ohne jegliche Ein-mischung \u201eweiterer Instanzen\u201c. Im Verlauf ihrer Ausbildung lernen angehende Streitschlichter hinter die Kulissen zu blicken (\u201eEisbergmodell\u201c), aktiv zuzuh\u00f6ren (Reflexion, Ich- Botschaften) und eine Auseinandersetzung im Rahmen&hellip;&nbsp;<a href=\"https:\/\/www.muensterschule-hof.de\/wordpress\/schueler\/streitschlichter\/\" rel=\"bookmark\">Weiterlesen &raquo;<span class=\"screen-reader-text\">Streitschlichter<\/span><\/a><\/p>\n","protected":false},"author":1,"featured_media":0,"parent":66,"menu_order":0,"comment_status":"closed","ping_status":"closed","template":"","meta":{"neve_meta_sidebar":"","neve_meta_container":"","neve_meta_enable_content_width":"","neve_meta_content_width":0,"neve_meta_title_alignment":"","neve_meta_author_avatar":"","neve_post_elements_order":"","neve_meta_disable_header":"","neve_meta_disable_footer":"","neve_meta_disable_title":"","footnotes":""},"class_list":["post-354","page","type-page","status-publish","hentry"],"yoast_head":"<!-- This site is optimized with the Yoast SEO plugin v27.4 - https:\/\/yoast.com\/product\/yoast-seo-wordpress\/ -->\n<title>Streitschlichter - M\u00fcnsterschule<\/title>\n<meta name=\"robots\" content=\"index, follow, max-snippet:-1, max-image-preview:large, max-video-preview:-1\" \/>\n<link rel=\"canonical\" href=\"https:\/\/www.muensterschule-hof.de\/wordpress\/schueler\/streitschlichter\/\" \/>\n<meta property=\"og:locale\" content=\"de_DE\" \/>\n<meta property=\"og:type\" content=\"article\" \/>\n<meta property=\"og:title\" content=\"Streitschlichter - M\u00fcnsterschule\" \/>\n<meta property=\"og:description\" content=\"Streitschlichter &#8211; eine wichtige Arbeitsgemeinschaft mit langer Tradition! Die AG Streitschlichter wurde im Schuljahr 2004\/05 ins Leben gerufen. Sie dient als Vermittlungsinstrument bei Konflikten zwischen zwei Sch\u00fclern, ohne jegliche Ein-mischung \u201eweiterer Instanzen\u201c. Im Verlauf ihrer Ausbildung lernen angehende Streitschlichter hinter die Kulissen zu blicken (\u201eEisbergmodell\u201c), aktiv zuzuh\u00f6ren (Reflexion, Ich- Botschaften) und eine Auseinandersetzung im Rahmen&hellip;&nbsp;Weiterlesen &raquo;Streitschlichter\" \/>\n<meta property=\"og:url\" content=\"https:\/\/www.muensterschule-hof.de\/wordpress\/schueler\/streitschlichter\/\" \/>\n<meta property=\"og:site_name\" content=\"M\u00fcnsterschule\" \/>\n<meta property=\"article:modified_time\" content=\"2019-01-22T21:54:19+00:00\" \/>\n<meta property=\"og:image\" content=\"https:\/\/www.muensterschule-hof.de\/wordpress\/wp-content\/uploads\/2018\/05\/streitschlichter1-300x231.png\" \/>\n<meta name=\"twitter:card\" content=\"summary_large_image\" \/>\n<meta name=\"twitter:label1\" content=\"Gesch\u00e4tzte Lesezeit\" \/>\n\t<meta name=\"twitter:data1\" content=\"1\u00a0Minute\" \/>\n<script type=\"application\/ld+json\" class=\"yoast-schema-graph\">{\"@context\":\"https:\\\/\\\/schema.org\",\"@graph\":[{\"@type\":\"WebPage\",\"@id\":\"https:\\\/\\\/www.muensterschule-hof.de\\\/wordpress\\\/schueler\\\/streitschlichter\\\/\",\"url\":\"https:\\\/\\\/www.muensterschule-hof.de\\\/wordpress\\\/schueler\\\/streitschlichter\\\/\",\"name\":\"Streitschlichter - M\u00fcnsterschule\",\"isPartOf\":{\"@id\":\"https:\\\/\\\/www.muensterschule-hof.de\\\/wordpress\\\/#website\"},\"primaryImageOfPage\":{\"@id\":\"https:\\\/\\\/www.muensterschule-hof.de\\\/wordpress\\\/schueler\\\/streitschlichter\\\/#primaryimage\"},\"image\":{\"@id\":\"https:\\\/\\\/www.muensterschule-hof.de\\\/wordpress\\\/schueler\\\/streitschlichter\\\/#primaryimage\"},\"thumbnailUrl\":\"https:\\\/\\\/www.muensterschule-hof.de\\\/wordpress\\\/wp-content\\\/uploads\\\/2018\\\/05\\\/streitschlichter1-300x231.png\",\"datePublished\":\"2018-03-13T13:05:13+00:00\",\"dateModified\":\"2019-01-22T21:54:19+00:00\",\"breadcrumb\":{\"@id\":\"https:\\\/\\\/www.muensterschule-hof.de\\\/wordpress\\\/schueler\\\/streitschlichter\\\/#breadcrumb\"},\"inLanguage\":\"de\",\"potentialAction\":[{\"@type\":\"ReadAction\",\"target\":[\"https:\\\/\\\/www.muensterschule-hof.de\\\/wordpress\\\/schueler\\\/streitschlichter\\\/\"]}]},{\"@type\":\"ImageObject\",\"inLanguage\":\"de\",\"@id\":\"https:\\\/\\\/www.muensterschule-hof.de\\\/wordpress\\\/schueler\\\/streitschlichter\\\/#primaryimage\",\"url\":\"https:\\\/\\\/www.muensterschule-hof.de\\\/wordpress\\\/wp-content\\\/uploads\\\/2018\\\/05\\\/streitschlichter1.png\",\"contentUrl\":\"https:\\\/\\\/www.muensterschule-hof.de\\\/wordpress\\\/wp-content\\\/uploads\\\/2018\\\/05\\\/streitschlichter1.png\",\"width\":1535,\"height\":1181},{\"@type\":\"BreadcrumbList\",\"@id\":\"https:\\\/\\\/www.muensterschule-hof.de\\\/wordpress\\\/schueler\\\/streitschlichter\\\/#breadcrumb\",\"itemListElement\":[{\"@type\":\"ListItem\",\"position\":1,\"name\":\"Startseite\",\"item\":\"https:\\\/\\\/www.muensterschule-hof.de\\\/wordpress\\\/\"},{\"@type\":\"ListItem\",\"position\":2,\"name\":\"Sch\u00fcler\",\"item\":\"https:\\\/\\\/www.muensterschule-hof.de\\\/wordpress\\\/schueler\\\/\"},{\"@type\":\"ListItem\",\"position\":3,\"name\":\"Streitschlichter\"}]},{\"@type\":\"WebSite\",\"@id\":\"https:\\\/\\\/www.muensterschule-hof.de\\\/wordpress\\\/#website\",\"url\":\"https:\\\/\\\/www.muensterschule-hof.de\\\/wordpress\\\/\",\"name\":\"M\u00fcnsterschule\",\"description\":\"Deine Mittelschule in Hof\",\"publisher\":{\"@id\":\"https:\\\/\\\/www.muensterschule-hof.de\\\/wordpress\\\/#organization\"},\"alternateName\":\"MMS Hof\",\"potentialAction\":[{\"@type\":\"SearchAction\",\"target\":{\"@type\":\"EntryPoint\",\"urlTemplate\":\"https:\\\/\\\/www.muensterschule-hof.de\\\/wordpress\\\/?s={search_term_string}\"},\"query-input\":{\"@type\":\"PropertyValueSpecification\",\"valueRequired\":true,\"valueName\":\"search_term_string\"}}],\"inLanguage\":\"de\"},{\"@type\":\"Organization\",\"@id\":\"https:\\\/\\\/www.muensterschule-hof.de\\\/wordpress\\\/#organization\",\"name\":\"M\u00fcnster-Mittelschule Hof\",\"alternateName\":\"MMS Hof\",\"url\":\"https:\\\/\\\/www.muensterschule-hof.de\\\/wordpress\\\/\",\"logo\":{\"@type\":\"ImageObject\",\"inLanguage\":\"de\",\"@id\":\"https:\\\/\\\/www.muensterschule-hof.de\\\/wordpress\\\/#\\\/schema\\\/logo\\\/image\\\/\",\"url\":\"https:\\\/\\\/www.muensterschule-hof.de\\\/wordpress\\\/wp-content\\\/uploads\\\/2018\\\/05\\\/cropped-MMS-Hof-final-1.png\",\"contentUrl\":\"https:\\\/\\\/www.muensterschule-hof.de\\\/wordpress\\\/wp-content\\\/uploads\\\/2018\\\/05\\\/cropped-MMS-Hof-final-1.png\",\"width\":512,\"height\":512,\"caption\":\"M\u00fcnster-Mittelschule Hof\"},\"image\":{\"@id\":\"https:\\\/\\\/www.muensterschule-hof.de\\\/wordpress\\\/#\\\/schema\\\/logo\\\/image\\\/\"}}]}<\/script>\n<!-- \/ Yoast SEO plugin. -->","yoast_head_json":{"title":"Streitschlichter - M\u00fcnsterschule","robots":{"index":"index","follow":"follow","max-snippet":"max-snippet:-1","max-image-preview":"max-image-preview:large","max-video-preview":"max-video-preview:-1"},"canonical":"https:\/\/www.muensterschule-hof.de\/wordpress\/schueler\/streitschlichter\/","og_locale":"de_DE","og_type":"article","og_title":"Streitschlichter - M\u00fcnsterschule","og_description":"Streitschlichter &#8211; eine wichtige Arbeitsgemeinschaft mit langer Tradition! Die AG Streitschlichter wurde im Schuljahr 2004\/05 ins Leben gerufen. Sie dient als Vermittlungsinstrument bei Konflikten zwischen zwei Sch\u00fclern, ohne jegliche Ein-mischung \u201eweiterer Instanzen\u201c. Im Verlauf ihrer Ausbildung lernen angehende Streitschlichter hinter die Kulissen zu blicken (\u201eEisbergmodell\u201c), aktiv zuzuh\u00f6ren (Reflexion, Ich- Botschaften) und eine Auseinandersetzung im Rahmen&hellip;&nbsp;Weiterlesen &raquo;Streitschlichter","og_url":"https:\/\/www.muensterschule-hof.de\/wordpress\/schueler\/streitschlichter\/","og_site_name":"M\u00fcnsterschule","article_modified_time":"2019-01-22T21:54:19+00:00","og_image":[{"url":"https:\/\/www.muensterschule-hof.de\/wordpress\/wp-content\/uploads\/2018\/05\/streitschlichter1-300x231.png","type":"","width":"","height":""}],"twitter_card":"summary_large_image","twitter_misc":{"Gesch\u00e4tzte Lesezeit":"1\u00a0Minute"},"schema":{"@context":"https:\/\/schema.org","@graph":[{"@type":"WebPage","@id":"https:\/\/www.muensterschule-hof.de\/wordpress\/schueler\/streitschlichter\/","url":"https:\/\/www.muensterschule-hof.de\/wordpress\/schueler\/streitschlichter\/","name":"Streitschlichter - M\u00fcnsterschule","isPartOf":{"@id":"https:\/\/www.muensterschule-hof.de\/wordpress\/#website"},"primaryImageOfPage":{"@id":"https:\/\/www.muensterschule-hof.de\/wordpress\/schueler\/streitschlichter\/#primaryimage"},"image":{"@id":"https:\/\/www.muensterschule-hof.de\/wordpress\/schueler\/streitschlichter\/#primaryimage"},"thumbnailUrl":"https:\/\/www.muensterschule-hof.de\/wordpress\/wp-content\/uploads\/2018\/05\/streitschlichter1-300x231.png","datePublished":"2018-03-13T13:05:13+00:00","dateModified":"2019-01-22T21:54:19+00:00","breadcrumb":{"@id":"https:\/\/www.muensterschule-hof.de\/wordpress\/schueler\/streitschlichter\/#breadcrumb"},"inLanguage":"de","potentialAction":[{"@type":"ReadAction","target":["https:\/\/www.muensterschule-hof.de\/wordpress\/schueler\/streitschlichter\/"]}]},{"@type":"ImageObject","inLanguage":"de","@id":"https:\/\/www.muensterschule-hof.de\/wordpress\/schueler\/streitschlichter\/#primaryimage","url":"https:\/\/www.muensterschule-hof.de\/wordpress\/wp-content\/uploads\/2018\/05\/streitschlichter1.png","contentUrl":"https:\/\/www.muensterschule-hof.de\/wordpress\/wp-content\/uploads\/2018\/05\/streitschlichter1.png","width":1535,"height":1181},{"@type":"BreadcrumbList","@id":"https:\/\/www.muensterschule-hof.de\/wordpress\/schueler\/streitschlichter\/#breadcrumb","itemListElement":[{"@type":"ListItem","position":1,"name":"Startseite","item":"https:\/\/www.muensterschule-hof.de\/wordpress\/"},{"@type":"ListItem","position":2,"name":"Sch\u00fcler","item":"https:\/\/www.muensterschule-hof.de\/wordpress\/schueler\/"},{"@type":"ListItem","position":3,"name":"Streitschlichter"}]},{"@type":"WebSite","@id":"https:\/\/www.muensterschule-hof.de\/wordpress\/#website","url":"https:\/\/www.muensterschule-hof.de\/wordpress\/","name":"M\u00fcnsterschule","description":"Deine Mittelschule in Hof","publisher":{"@id":"https:\/\/www.muensterschule-hof.de\/wordpress\/#organization"},"alternateName":"MMS Hof","potentialAction":[{"@type":"SearchAction","target":{"@type":"EntryPoint","urlTemplate":"https:\/\/www.muensterschule-hof.de\/wordpress\/?s={search_term_string}"},"query-input":{"@type":"PropertyValueSpecification","valueRequired":true,"valueName":"search_term_string"}}],"inLanguage":"de"},{"@type":"Organization","@id":"https:\/\/www.muensterschule-hof.de\/wordpress\/#organization","name":"M\u00fcnster-Mittelschule Hof","alternateName":"MMS Hof","url":"https:\/\/www.muensterschule-hof.de\/wordpress\/","logo":{"@type":"ImageObject","inLanguage":"de","@id":"https:\/\/www.muensterschule-hof.de\/wordpress\/#\/schema\/logo\/image\/","url":"https:\/\/www.muensterschule-hof.de\/wordpress\/wp-content\/uploads\/2018\/05\/cropped-MMS-Hof-final-1.png","contentUrl":"https:\/\/www.muensterschule-hof.de\/wordpress\/wp-content\/uploads\/2018\/05\/cropped-MMS-Hof-final-1.png","width":512,"height":512,"caption":"M\u00fcnster-Mittelschule Hof"},"image":{"@id":"https:\/\/www.muensterschule-hof.de\/wordpress\/#\/schema\/logo\/image\/"}}]}},"_links":{"self":[{"href":"https:\/\/www.muensterschule-hof.de\/wordpress\/wp-json\/wp\/v2\/pages\/354","targetHints":{"allow":["GET"]}}],"collection":[{"href":"https:\/\/www.muensterschule-hof.de\/wordpress\/wp-json\/wp\/v2\/pages"}],"about":[{"href":"https:\/\/www.muensterschule-hof.de\/wordpress\/wp-json\/wp\/v2\/types\/page"}],"author":[{"embeddable":true,"href":"https:\/\/www.muensterschule-hof.de\/wordpress\/wp-json\/wp\/v2\/users\/1"}],"replies":[{"embeddable":true,"href":"https:\/\/www.muensterschule-hof.de\/wordpress\/wp-json\/wp\/v2\/comments?post=354"}],"version-history":[{"count":7,"href":"https:\/\/www.muensterschule-hof.de\/wordpress\/wp-json\/wp\/v2\/pages\/354\/revisions"}],"predecessor-version":[{"id":589,"href":"https:\/\/www.muensterschule-hof.de\/wordpress\/wp-json\/wp\/v2\/pages\/354\/revisions\/589"}],"up":[{"embeddable":true,"href":"https:\/\/www.muensterschule-hof.de\/wordpress\/wp-json\/wp\/v2\/pages\/66"}],"wp:attachment":[{"href":"https:\/\/www.muensterschule-hof.de\/wordpress\/wp-json\/wp\/v2\/media?parent=354"}],"curies":[{"name":"wp","href":"https:\/\/api.w.org\/{rel}","templated":true}]}}